{"id":196,"date":"2018-01-31T11:10:06","date_gmt":"2018-01-31T10:10:06","guid":{"rendered":"http:\/\/ela-asso.be\/?page_id=196"},"modified":"2025-05-27T10:46:12","modified_gmt":"2025-05-27T08:46:12","slug":"recherche","status":"publish","type":"page","link":"https:\/\/ela-asso.be\/uk\/a-propos\/recherche\/","title":{"rendered":""},"content":{"rendered":"\t\t<div data-elementor-type=\"wp-page\" data-elementor-id=\"196\" class=\"elementor elementor-196\" data-elementor-post-type=\"page\">\n\t\t\t\t<div class=\"elementor-element elementor-element-3518dbce e-con-full e-flex e-con e-parent\" data-id=\"3518dbce\" data-element_type=\"container\" data-e-type=\"container\" data-settings=\"{&quot;background_background&quot;:&quot;classic&quot;}\">\n\t\t\t\t<div class=\"elementor-element elementor-element-61b1d429 elementor-widget elementor-widget-heading\" data-id=\"61b1d429\" data-element_type=\"widget\" data-e-type=\"widget\" data-widget_type=\"heading.default\">\n\t\t\t\t<div class=\"elementor-widget-container\">\n\t\t\t\t\t<h1 class=\"elementor-heading-title elementor-size-default\">La recherche<\/h1>\t\t\t\t<\/div>\n\t\t\t\t<\/div>\n\t\t\t\t<div class=\"elementor-element elementor-element-4a04decf elementor-widget elementor-widget-text-editor\" data-id=\"4a04decf\" data-element_type=\"widget\" data-e-type=\"widget\" data-widget_type=\"text-editor.default\">\n\t\t\t\t<div class=\"elementor-widget-container\">\n\t\t\t\t\t\t\t\t\t<p>Recherche \/ Ela international \/ Centres experts\u00a0<\/p>\t\t\t\t\t\t\t\t<\/div>\n\t\t\t\t<\/div>\n\t\t\t\t<\/div>\n\t\t<div class=\"elementor-element elementor-element-157fbc1 e-flex e-con-boxed e-con e-parent\" data-id=\"157fbc1\" data-element_type=\"container\" data-e-type=\"container\">\n\t\t\t\t\t<div class=\"e-con-inner\">\n\t\t\t\t<div class=\"elementor-element elementor-element-0086abd elementor-widget elementor-widget-heading\" data-id=\"0086abd\" data-element_type=\"widget\" data-e-type=\"widget\" data-widget_type=\"heading.default\">\n\t\t\t\t<div class=\"elementor-widget-container\">\n\t\t\t\t\t<h2 class=\"elementor-heading-title elementor-size-default\">La recherche, une mission fondamentale<\/h2>\t\t\t\t<\/div>\n\t\t\t\t<\/div>\n\t\t<div class=\"elementor-element elementor-element-9b32bcf e-con-full e-flex e-con e-child\" data-id=\"9b32bcf\" data-element_type=\"container\" data-e-type=\"container\">\n\t\t\t\t<div class=\"elementor-element elementor-element-c9c3a1d elementor-widget elementor-widget-text-editor\" data-id=\"c9c3a1d\" data-element_type=\"widget\" data-e-type=\"widget\" data-widget_type=\"text-editor.default\">\n\t\t\t\t<div class=\"elementor-widget-container\">\n\t\t\t\t\t\t\t\t\t<div class=\"\"><div class=\"\"><h3 class=\"heading\">ELA est le premier financeur de la recherche sur les leucodystrophies<\/h3><h6><span style=\"color: #7a939f; font-family: 'DM Sans', sans-serif; font-size: 20px; text-align: var(--text-align);\"><strong>586 projets<\/strong> de recherche ont \u00e9t\u00e9 financ\u00e9s pour un total de <strong>50,5 millions d&#8217;Euros. <\/strong><\/span><\/h6><h6><span style=\"color: #7a939f; font-family: 'DM Sans', sans-serif; font-size: 20px; text-align: var(--text-align);\">Gr\u00e2ce \u00e0 nos efforts soutenus depuis plus de 30 ans, nous sommes aujourd&#8217;hui \u00e0 l&#8217;aube des <strong>premiers traitements.<\/strong> <\/span><\/h6><h6><span style=\"color: #7a939f; font-family: 'DM Sans', sans-serif; font-size: 20px; text-align: var(--text-align);\">Toutes<strong> les actions d&#8217;ELA<\/strong> convergent vers des lev\u00e9es de fonds pour <strong>financer la recherche<\/strong> (les collectes lors des \u00e9v\u00e9nements, les pas compt\u00e9s de MTBE, les appels aux dons, nos parrains, les appels \u00e0 m\u00e9c\u00e9nat, les ventes de produits, &#8230;).<\/span><\/h6><\/div><\/div>\t\t\t\t\t\t\t\t<\/div>\n\t\t\t\t<\/div>\n\t\t\t\t<\/div>\n\t\t<div class=\"elementor-element elementor-element-60ecde3 e-con-full e-flex e-con e-child\" data-id=\"60ecde3\" data-element_type=\"container\" data-e-type=\"container\">\n\t\t\t\t<div class=\"elementor-element elementor-element-bc6c141 elementor-widget__width-initial elementor-widget elementor-widget-video\" data-id=\"bc6c141\" data-element_type=\"widget\" data-e-type=\"widget\" data-settings=\"{&quot;youtube_url&quot;:&quot;https:\\\/\\\/youtu.be\\\/Fyl94wGyr6c&quot;,&quot;video_type&quot;:&quot;youtube&quot;,&quot;controls&quot;:&quot;yes&quot;}\" data-widget_type=\"video.default\">\n\t\t\t\t<div class=\"elementor-widget-container\">\n\t\t\t\t\t\t\t<div class=\"elementor-wrapper elementor-open-inline\">\n\t\t\t<div class=\"elementor-video\"><\/div>\t\t<\/div>\n\t\t\t\t\t\t<\/div>\n\t\t\t\t<\/div>\n\t\t\t\t<\/div>\n\t\t<div class=\"elementor-element elementor-element-eec1802 e-con-full e-flex e-con e-child\" data-id=\"eec1802\" data-element_type=\"container\" data-e-type=\"container\">\n\t\t\t\t<div class=\"elementor-element elementor-element-b9fa04c elementor-widget elementor-widget-text-editor\" data-id=\"b9fa04c\" data-element_type=\"widget\" data-e-type=\"widget\" data-widget_type=\"text-editor.default\">\n\t\t\t\t<div class=\"elementor-widget-container\">\n\t\t\t\t\t\t\t\t\t<h3 class=\"heading\">Mutualiser les forces pour avancer plus vite<\/h3><h6><span style=\"color: #7a939f; font-family: 'DM Sans', sans-serif; font-size: 20px; text-align: var(--text-align);\">Les leucodystrophies sont des maladies rares, et les chercheurs qui s\u2019y consacrent viennent de tous les continents. <a href=\"http:\/\/www.elainternational.eu\"><strong>ELA International<\/strong><\/a> est cr\u00e9\u00e9 en 2015 afin de f\u00e9d\u00e9rer l\u2019action de l\u2019ensemble des structures ELA et d\u00e9velopper la recherche. ELA International est pr\u00e9sent dans neuf pays et r\u00e9unit des chercheurs du monde entier.<\/span>\u00a0<\/h6>\t\t\t\t\t\t\t\t<\/div>\n\t\t\t\t<\/div>\n\t\t\t\t<\/div>\n\t\t<div class=\"elementor-element elementor-element-21df776 e-con-full e-flex e-con e-child\" data-id=\"21df776\" data-element_type=\"container\" data-e-type=\"container\">\n\t\t\t\t<div class=\"elementor-element elementor-element-4943d52 elementor-align-center elementor-widget elementor-widget-button\" data-id=\"4943d52\" data-element_type=\"widget\" data-e-type=\"widget\" data-widget_type=\"button.default\">\n\t\t\t\t<div class=\"elementor-widget-container\">\n\t\t\t\t\t\t\t\t\t<div class=\"elementor-button-wrapper\">\n\t\t\t\t\t<a class=\"elementor-button elementor-button-link elementor-size-sm\" href=\"https:\/\/elainternational.eu\/la-recherche\/actualite-resultats-de-la-recherche\/\" target=\"_blank\">\n\t\t\t\t\t\t<span class=\"elementor-button-content-wrapper\">\n\t\t\t\t\t\t\t\t\t<span class=\"elementor-button-text\">Consulter les actualit\u00e9s de la Recherche<\/span>\n\t\t\t\t\t<\/span>\n\t\t\t\t\t<\/a>\n\t\t\t\t<\/div>\n\t\t\t\t\t\t\t\t<\/div>\n\t\t\t\t<\/div>\n\t\t\t\t<\/div>\n\t\t\t\t\t<\/div>\n\t\t\t\t<\/div>\n\t\t<div class=\"elementor-element elementor-element-234b4663 e-flex e-con-boxed e-con e-parent\" data-id=\"234b4663\" data-element_type=\"container\" data-e-type=\"container\">\n\t\t\t\t\t<div class=\"e-con-inner\">\n\t\t\t\t<div class=\"elementor-element elementor-element-3db7bcc elementor-widget elementor-widget-heading\" data-id=\"3db7bcc\" data-element_type=\"widget\" data-e-type=\"widget\" data-widget_type=\"heading.default\">\n\t\t\t\t<div class=\"elementor-widget-container\">\n\t\t\t\t\t<h2 class=\"elementor-heading-title elementor-size-default\">Les centres experts<\/h2>\t\t\t\t<\/div>\n\t\t\t\t<\/div>\n\t\t\t\t<div class=\"elementor-element elementor-element-6929cf9c elementor-widget elementor-widget-text-editor\" data-id=\"6929cf9c\" data-element_type=\"widget\" data-e-type=\"widget\" data-widget_type=\"text-editor.default\">\n\t\t\t\t<div class=\"elementor-widget-container\">\n\t\t\t\t\t\t\t\t\t<h4><span style=\"color: #7a939f;\">Les centres de r\u00e9f\u00e9rence sont des entit\u00e9s labellis\u00e9es par le Minist\u00e8re de la Sant\u00e9 rassemblant les comp\u00e9tences m\u00e9dicales et param\u00e9dicales hautement sp\u00e9cialis\u00e9es pour une prise en charge globale des maladies rares au plus pr\u00e8s des besoins du malade.<\/span><\/h4>\t\t\t\t\t\t\t\t<\/div>\n\t\t\t\t<\/div>\n\t\t\t\t\t<\/div>\n\t\t\t\t<\/div>\n\t\t<div class=\"elementor-element elementor-element-cf1a9e2 e-flex e-con-boxed e-con e-parent\" data-id=\"cf1a9e2\" data-element_type=\"container\" data-e-type=\"container\">\n\t\t\t\t\t<div class=\"e-con-inner\">\n\t\t\t\t<div class=\"elementor-element elementor-element-0516ae8 elementor-widget elementor-widget-n-accordion\" data-id=\"0516ae8\" data-element_type=\"widget\" data-e-type=\"widget\" data-settings=\"{&quot;default_state&quot;:&quot;all_collapsed&quot;,&quot;max_items_expended&quot;:&quot;one&quot;,&quot;n_accordion_animation_duration&quot;:{&quot;unit&quot;:&quot;ms&quot;,&quot;size&quot;:400,&quot;sizes&quot;:[]}}\" data-widget_type=\"nested-accordion.default\">\n\t\t\t\t<div class=\"elementor-widget-container\">\n\t\t\t\t\t\t\t<div class=\"e-n-accordion\" aria-label=\"Accordion. Open links with Enter or Space, close with Escape, and navigate with Arrow Keys\">\n\t\t\t\t\t\t<details id=\"e-n-accordion-item-5330\" class=\"e-n-accordion-item\" >\n\t\t\t\t<summary class=\"e-n-accordion-item-title\" data-accordion-index=\"1\" tabindex=\"0\" aria-expanded=\"false\" aria-controls=\"e-n-accordion-item-5330\" >\n\t\t\t\t\t<span class='e-n-accordion-item-title-header'><div class=\"e-n-accordion-item-title-text\"> H\u00f4pital Bic\u00eatre Paris Sud <\/div><\/span>\n\t\t\t\t\t\t\t<span class='e-n-accordion-item-title-icon'>\n\t\t\t<span class='e-opened' ><i aria-hidden=\"true\" class=\"fas fa-minus\"><\/i><\/span>\n\t\t\t<span class='e-closed'><i aria-hidden=\"true\" class=\"fas fa-plus\"><\/i><\/span>\n\t\t<\/span>\n\n\t\t\t\t\t\t<\/summary>\n\t\t\t\t<div role=\"region\" aria-labelledby=\"e-n-accordion-item-5330\" class=\"elementor-element elementor-element-4e3b690 e-con-full e-flex e-con e-child\" data-id=\"4e3b690\" data-element_type=\"container\" data-e-type=\"container\">\n\t\t<div role=\"region\" aria-labelledby=\"e-n-accordion-item-5330\" class=\"elementor-element elementor-element-d1bb0bd e-flex e-con-boxed e-con e-child\" data-id=\"d1bb0bd\" data-element_type=\"container\" data-e-type=\"container\">\n\t\t\t\t\t<div class=\"e-con-inner\">\n\t\t\t\t<div class=\"elementor-element elementor-element-8136ffc elementor-widget elementor-widget-text-editor\" data-id=\"8136ffc\" data-element_type=\"widget\" data-e-type=\"widget\" data-widget_type=\"text-editor.default\">\n\t\t\t\t<div class=\"elementor-widget-container\">\n\t\t\t\t\t\t\t\t\t<h3><span style=\"color: #e41871;\">Centre de R\u00e9f\u00e9rence des Leucodystrophies \u00e0 Bic\u00eatre<\/span><\/h3><p>Leucodystrophies concern\u00e9es : Toutes les leucodystrophies et en particulier adr\u00e9noleucodystrophie (ALD), adr\u00e9nomy\u00e9loneuropathie (AMN), leucodystrophie m\u00e9tachromatique (MLD), maladie de Krabbe (GLD) et maladie de Canavan.<\/p><p>H\u00f4pital Bic\u00eatre Paris Sud<br \/>Services de Neurologie et d\u2019Endocrinologie P\u00e9diatriques<br \/>78, rue du G\u00e9n\u00e9ral Leclerc<br \/>94275 Le Kremlin Bic\u00eatre, France<\/p><p>Secr\u00e9tariat m\u00e9dical : +33 1 45 21 31 12<\/p><hr \/><p><span style=\"color: #e41871;\">Consultations de Neurop\u00e9diatrie ou de Neurologie<\/span><br \/>\u2022 avec les Drs Sevin, Bellesme et Lagneaux : +33 1 45 21 31 32 \/ +33 1 45 21 37 17<br \/>\u2022 avec le Pr Aubourg : +33 1 45 21 31 12<\/p><hr \/><p><span style=\"color: #e41871;\">Consultations d\u2019Endocrinologie :<\/span> +33 1 45 21 78 31<\/p><hr \/><p><span style=\"color: #e41871;\">Hospitalisations et urgences m\u00e9dicales :<\/span> +33 1 45 21 32 34 \/ +33 1 45 21 32 35<\/p><hr \/><p><span style=\"color: #e41871;\">Rendez-vous pour un EEG :<\/span> +33 1 45 21 32 25 \/ +33 1 45 21 32 26<br \/><span style=\"color: #e41871;\">Coordonnateur :<\/span> Pr Patrick Aubourg<br \/><span style=\"color: #e41871;\">Neurop\u00e9diatres :<\/span> Pr Patrick Aubourg, Dr C\u00e9line Bellesme, Dr Caroline Sevin<br \/><span style=\"color: #e41871;\">Infirmi\u00e8re :<\/span> Fabienne Rousseau<br \/><span style=\"color: #e41871;\">Secr\u00e9taire m\u00e9dicale :<\/span> Genevi\u00e8ve Leclerc<br \/><span style=\"color: #e41871;\">Secr\u00e9taire hospitali\u00e8re :<\/span> Ad\u00e8le Ophelt\u00e8s<br \/><span style=\"color: #e41871;\">Psychologue ELA :<\/span> Marie-Claude Blondeau<br \/><span style=\"color: #e41871;\">Neuropsychologue :<\/span> Cl\u00e9mence Lalande<br \/><span style=\"color: #e41871;\">Assistante sociale :<\/span> Marie-Claude Lupter<br \/><span style=\"color: #e41871;\">Di\u00e9t\u00e9ticienne :<\/span> Brigitte Merle<\/p>\t\t\t\t\t\t\t\t<\/div>\n\t\t\t\t<\/div>\n\t\t\t\t\t<\/div>\n\t\t\t\t<\/div>\n\t\t\t\t<\/div>\n\t\t\t\t\t<\/details>\n\t\t\t\t\t\t<details id=\"e-n-accordion-item-5331\" class=\"e-n-accordion-item\" >\n\t\t\t\t<summary class=\"e-n-accordion-item-title\" data-accordion-index=\"2\" tabindex=\"-1\" aria-expanded=\"false\" aria-controls=\"e-n-accordion-item-5331\" >\n\t\t\t\t\t<span class='e-n-accordion-item-title-header'><div class=\"e-n-accordion-item-title-text\"> H\u00f4pital Robert-Debr\u00e9 <\/div><\/span>\n\t\t\t\t\t\t\t<span class='e-n-accordion-item-title-icon'>\n\t\t\t<span class='e-opened' ><i aria-hidden=\"true\" class=\"fas fa-minus\"><\/i><\/span>\n\t\t\t<span class='e-closed'><i aria-hidden=\"true\" class=\"fas fa-plus\"><\/i><\/span>\n\t\t<\/span>\n\n\t\t\t\t\t\t<\/summary>\n\t\t\t\t<div role=\"region\" aria-labelledby=\"e-n-accordion-item-5331\" class=\"elementor-element elementor-element-c9f3410 e-con-full e-flex e-con e-child\" data-id=\"c9f3410\" data-element_type=\"container\" data-e-type=\"container\">\n\t\t<div role=\"region\" aria-labelledby=\"e-n-accordion-item-5331\" class=\"elementor-element elementor-element-8e87cc0 e-flex e-con-boxed e-con e-child\" data-id=\"8e87cc0\" data-element_type=\"container\" data-e-type=\"container\">\n\t\t\t\t\t<div class=\"e-con-inner\">\n\t\t\t\t<div class=\"elementor-element elementor-element-c6a89ef elementor-widget elementor-widget-text-editor\" data-id=\"c6a89ef\" data-element_type=\"widget\" data-e-type=\"widget\" data-widget_type=\"text-editor.default\">\n\t\t\t\t<div class=\"elementor-widget-container\">\n\t\t\t\t\t\t\t\t\t<h3><span style=\"color: #e41871;\">Centre de R\u00e9f\u00e9rence des Leucodystrophies \u00e0 Robert-Debr\u00e9<\/span><\/h3><p>Leucodystrophies concern\u00e9es : Toutes les leucodystrophies et en particulier maladie de Pelizaeus-Merzbacher (PMD), leucodystrophies hypomy\u00e9linisantes, Syndrome CACH, leucodystrophie m\u00e9galenc\u00e9phalique kystique (MLC), maladie d\u2019Alexander et leucodystrophies cavitaires, syndrome d\u2019Aicardi-Gouti\u00e8res, leucodystrophies vasculaires, lamine B et leucodystrophies dominantes.<\/p><p>H\u00f4pital Robert-Debr\u00e9<br \/>Groupement Hospitalier Universitaire Nord<br \/>48, boulevard S\u00e9rurier<br \/>75019 Paris, France<\/p><hr \/><p><span style=\"color: #e41871;\">Contact t\u00e9l\u00e9phonique :<\/span><br \/>lundi, mardi, mercredi (8-20h) : 01 40 03 40 20<br \/>du jeudi au dimanche inclus : 04 73 71 53 05<br \/><span style=\"color: #e41871;\">HOTLINE :<\/span> 06 31 73 93 52<br \/>Fax : 01 40 03 47 74<br \/>E-mail : marie-louise.vendeville@rdb.aphp.fr<\/p><hr \/><p><span style=\"color: #e41871;\">Coordonnatrice :<\/span> Pr Odile Boespflug-Tanguy<br \/><span style=\"color: #e41871;\">Neurop\u00e9diatres :<\/span> Pr Odile Boespflug-Tanguy, Dr Sandrine Passemard<br \/><span style=\"color: #e41871;\">Coordinateur param\u00e9dical :<\/span> Marie Louise Vendeville<br \/><span style=\"color: #e41871;\">Secr\u00e9tariat :<\/span> Christelle Lanista<br \/><span style=\"color: #e41871;\">Cadre pu\u00e9ricultrice :<\/span> V\u00e9ronique Maestracci<br \/><span style=\"color: #e41871;\">Neuropsychologues :<\/span> Jessica Save, Marion Barget<br \/><span style=\"color: #e41871;\">Assistante sociale :<\/span> Sandra Lecerf<br \/><span style=\"color: #e41871;\">Kin\u00e9sith\u00e9rapie :<\/span> David Marteil, Emilie Soulier, Christine Hamel<br \/><span style=\"color: #e41871;\">Opthalmologie :<\/span> Dr Eliane Delouvrier, Dr H\u00e9l\u00e8ne Dallens<br \/><span style=\"color: #e41871;\">Orthopsie :<\/span> Marie Sol\u00e9<br \/><span style=\"color: #e41871;\">Neurophysiologie :<\/span> Dr Catherine Delanoe, Dr Tarif Masri<br \/><span style=\"color: #e41871;\">Imagerie :<\/span> Dr Monique Elmaleh, Dr Bogdana Tilea<br \/><span style=\"color: #e41871;\">ORL :<\/span> Pr Thierry Van den Abbeele<\/p>\t\t\t\t\t\t\t\t<\/div>\n\t\t\t\t<\/div>\n\t\t\t\t\t<\/div>\n\t\t\t\t<\/div>\n\t\t\t\t<\/div>\n\t\t\t\t\t<\/details>\n\t\t\t\t\t\t<details id=\"e-n-accordion-item-5332\" class=\"e-n-accordion-item\" >\n\t\t\t\t<summary class=\"e-n-accordion-item-title\" data-accordion-index=\"3\" tabindex=\"-1\" aria-expanded=\"false\" aria-controls=\"e-n-accordion-item-5332\" >\n\t\t\t\t\t<span class='e-n-accordion-item-title-header'><div class=\"e-n-accordion-item-title-text\"> H\u00f4pital Armand Trousseau <\/div><\/span>\n\t\t\t\t\t\t\t<span class='e-n-accordion-item-title-icon'>\n\t\t\t<span class='e-opened' ><i aria-hidden=\"true\" class=\"fas fa-minus\"><\/i><\/span>\n\t\t\t<span class='e-closed'><i aria-hidden=\"true\" class=\"fas fa-plus\"><\/i><\/span>\n\t\t<\/span>\n\n\t\t\t\t\t\t<\/summary>\n\t\t\t\t<div role=\"region\" aria-labelledby=\"e-n-accordion-item-5332\" class=\"elementor-element elementor-element-db0feab e-con-full e-flex e-con e-child\" data-id=\"db0feab\" data-element_type=\"container\" data-e-type=\"container\">\n\t\t<div role=\"region\" aria-labelledby=\"e-n-accordion-item-5332\" class=\"elementor-element elementor-element-14e82eb e-flex e-con-boxed e-con e-child\" data-id=\"14e82eb\" data-element_type=\"container\" data-e-type=\"container\">\n\t\t\t\t\t<div class=\"e-con-inner\">\n\t\t\t\t<div class=\"elementor-element elementor-element-6f0ce57 elementor-widget elementor-widget-text-editor\" data-id=\"6f0ce57\" data-element_type=\"widget\" data-e-type=\"widget\" data-widget_type=\"text-editor.default\">\n\t\t\t\t<div class=\"elementor-widget-container\">\n\t\t\t\t\t\t\t\t\t<h3><span style=\"color: #e41871;\">Centre de R\u00e9f\u00e9rence des Maladies Neurog\u00e9n\u00e9tiques de l&#8217;Enfant et de l&#8217;Adulte<\/span><\/h3><p><span style=\"color: #e41871;\"><strong>Coordinateur<\/strong><br \/><\/span>Pr Alexis Brice<\/p><p><strong><span style=\"color: #e41871;\">Maladies concern\u00e9es<br \/><\/span><\/strong>Toutes les leucodystrophies et en particulier maladie de Pelizaeus-Merzbacher, leucodystrophies hypomy\u00e9linisantes, Syndrome CACH, leucodystrophie m\u00e9galenc\u00e9phalique kystique (MLC), maladie d&#8217;Alexander et leucodystrophies cavitaires, syndrome d&#8217;Aicardi-Gouti\u00e8res.<\/p><p><strong><span style=\"color: #e41871;\">Neurop\u00e9diatre<br \/><\/span><\/strong>Pr Diana Rodriguez<\/p><p><span style=\"color: #e41871;\"><strong>G\u00e9n\u00e9ticienne<br \/><\/strong><\/span>Dr Lydie Burglen<\/p><p><strong><span style=\"color: #e41871;\">Coordonn\u00e9es<\/span><\/strong><br \/>H\u00f4pital Armand Trousseau<br \/>Service de Neurop\u00e9diatrie<br \/>Pathologie du D\u00e9veloppement<br \/>26, avenue du Docteur Arnold Netter<br \/>75012 Paris, France<br \/>T\u00e9l : +33 (0)1 44 73 61 41[:]<\/p>\t\t\t\t\t\t\t\t<\/div>\n\t\t\t\t<\/div>\n\t\t\t\t\t<\/div>\n\t\t\t\t<\/div>\n\t\t\t\t<\/div>\n\t\t\t\t\t<\/details>\n\t\t\t\t\t<\/div>\n\t\t\t\t\t\t<\/div>\n\t\t\t\t<\/div>\n\t\t\t\t\t<\/div>\n\t\t\t\t<\/div>\n\t\t\t\t<\/div>\n\t\t","protected":false},"excerpt":{"rendered":"","protected":false},"author":1,"featured_media":0,"parent":4766,"menu_order":0,"comment_status":"closed","ping_status":"closed","template":"","meta":{"footnotes":""},"class_list":["post-196","page","type-page","status-publish","hentry"],"_links":{"self":[{"href":"https:\/\/ela-asso.be\/uk\/wp-json\/wp\/v2\/pages\/196","targetHints":{"allow":["GET"]}}],"collection":[{"href":"https:\/\/ela-asso.be\/uk\/wp-json\/wp\/v2\/pages"}],"about":[{"href":"https:\/\/ela-asso.be\/uk\/wp-json\/wp\/v2\/types\/page"}],"author":[{"embeddable":true,"href":"https:\/\/ela-asso.be\/uk\/wp-json\/wp\/v2\/users\/1"}],"replies":[{"embeddable":true,"href":"https:\/\/ela-asso.be\/uk\/wp-json\/wp\/v2\/comments?post=196"}],"version-history":[{"count":1,"href":"https:\/\/ela-asso.be\/uk\/wp-json\/wp\/v2\/pages\/196\/revisions"}],"predecessor-version":[{"id":5519,"href":"https:\/\/ela-asso.be\/uk\/wp-json\/wp\/v2\/pages\/196\/revisions\/5519"}],"up":[{"embeddable":true,"href":"https:\/\/ela-asso.be\/uk\/wp-json\/wp\/v2\/pages\/4766"}],"wp:attachment":[{"href":"https:\/\/ela-asso.be\/uk\/wp-json\/wp\/v2\/media?parent=196"}],"curies":[{"name":"wp","href":"https:\/\/api.w.org\/{rel}","templated":true}]}}