{"id":894,"date":"2018-02-07T14:11:10","date_gmt":"2018-02-07T13:11:10","guid":{"rendered":"http:\/\/ela-asso.be\/?page_id=894"},"modified":"2026-02-03T14:49:01","modified_gmt":"2026-02-03T13:49:01","slug":"mets-tes-baskets-a-lecole","status":"publish","type":"page","link":"https:\/\/ela-asso.be\/uk\/actions\/mets-tes-baskets-a-lecole\/","title":{"rendered":""},"content":{"rendered":"\t\t<div data-elementor-type=\"wp-page\" data-elementor-id=\"894\" class=\"elementor elementor-894\" data-elementor-post-type=\"page\">\n\t\t\t\t<div class=\"elementor-element elementor-element-1ce0e6a5 e-con-full e-flex e-con e-parent\" data-id=\"1ce0e6a5\" data-element_type=\"container\" data-e-type=\"container\" data-settings=\"{&quot;background_background&quot;:&quot;classic&quot;}\">\n\t\t\t\t<div class=\"elementor-element elementor-element-48dca727 elementor-widget elementor-widget-heading\" data-id=\"48dca727\" data-element_type=\"widget\" data-e-type=\"widget\" data-widget_type=\"heading.default\">\n\t\t\t\t<div class=\"elementor-widget-container\">\n\t\t\t\t\t<h1 class=\"elementor-heading-title elementor-size-default\">Mets tes baskets \u00e0 l'\u00e9cole<\/h1>\t\t\t\t<\/div>\n\t\t\t\t<\/div>\n\t\t\t\t<div class=\"elementor-element elementor-element-20582dd elementor-widget elementor-widget-text-editor\" data-id=\"20582dd\" data-element_type=\"widget\" data-e-type=\"widget\" data-widget_type=\"text-editor.default\">\n\t\t\t\t<div class=\"elementor-widget-container\">\n\t\t\t\t\t\t\t\t\t<p>Participer et pr\u00eater vos jambes aux enfants atteints de leucodystrophie<\/p>\t\t\t\t\t\t\t\t<\/div>\n\t\t\t\t<\/div>\n\t\t\t\t<\/div>\n\t\t<div class=\"elementor-element elementor-element-1f6ea206 e-flex e-con-boxed e-con e-parent\" data-id=\"1f6ea206\" data-element_type=\"container\" data-e-type=\"container\">\n\t\t\t\t\t<div class=\"e-con-inner\">\n\t\t\t\t<div class=\"elementor-element elementor-element-2eca794 elementor-widget elementor-widget-heading\" data-id=\"2eca794\" data-element_type=\"widget\" data-e-type=\"widget\" data-widget_type=\"heading.default\">\n\t\t\t\t<div class=\"elementor-widget-container\">\n\t\t\t\t\t<h2 class=\"elementor-heading-title elementor-size-default\">Le concept <\/h2>\t\t\t\t<\/div>\n\t\t\t\t<\/div>\n\t\t\t\t<div class=\"elementor-element elementor-element-a0e1830 elementor-view-default elementor-widget elementor-widget-icon\" data-id=\"a0e1830\" data-element_type=\"widget\" data-e-type=\"widget\" data-widget_type=\"icon.default\">\n\t\t\t\t<div class=\"elementor-widget-container\">\n\t\t\t\t\t\t\t<div class=\"elementor-icon-wrapper\">\n\t\t\t<div class=\"elementor-icon\">\n\t\t\t<svg xmlns=\"http:\/\/www.w3.org\/2000\/svg\" xmlns:xlink=\"http:\/\/www.w3.org\/1999\/xlink\" id=\"Calque_1\" x=\"0px\" y=\"0px\" viewBox=\"0 0 100 16.4\" style=\"enable-background:new 0 0 100 16.4;\" xml:space=\"preserve\"><path d=\"M84.2,8.3c-5.3-0.2-7.5,8-13.2,3.9c-12.1-1.1-22.2,6.4-32.9,2.4c-2.7,1.6-6.5,1.8-9.3,0.9c-2.5-1.8-1.8-5.2-4.9-5.7 c-3.6,4.5-7.8,0.6-10.3-1.8l-0.3-0.3c11.2-8.8,29.7-6,44.1-3.4c8.4-1.2,17.1,1,26.1,0.3C85.1,5.5,84.8,7,84.2,8.3L84.2,8.3z\"><\/path><\/svg>\t\t\t<\/div>\n\t\t<\/div>\n\t\t\t\t\t\t<\/div>\n\t\t\t\t<\/div>\n\t\t\t\t<div class=\"elementor-element elementor-element-1b1ed9a3 elementor-widget elementor-widget-text-editor\" data-id=\"1b1ed9a3\" data-element_type=\"widget\" data-e-type=\"widget\" data-widget_type=\"text-editor.default\">\n\t\t\t\t<div class=\"elementor-widget-container\">\n\t\t\t\t\t\t\t\t\t<p>Depuis 1994, l\u2019Association invite tous les \u00e9tablissements scolaires, du primaire jusqu\u2019\u00e0 l\u2019enseignement sup\u00e9rieur, \u00e0 se mobiliser en faveur de la lutte contre les leucodystrophies \u00e0 travers sa campagne \u00ab Mets tes baskets et bats la maladie \u00bb.<br \/>L\u2019objectif est de cr\u00e9er un grand \u00e9lan de g\u00e9n\u00e9rosit\u00e9. \u00c9coles, coll\u00e8ges, lyc\u00e9es\u2026 tous peuvent participer.<\/p><h4><strong>L\u2019op\u00e9ration \u201cMets tes baskets\u201d est enti\u00e8rement gratuite et fournie cl\u00e9s en main.<\/strong><\/h4>\t\t\t\t\t\t\t\t<\/div>\n\t\t\t\t<\/div>\n\t\t\t\t\t<\/div>\n\t\t\t\t<\/div>\n\t\t<div class=\"elementor-element elementor-element-d2bb21c e-flex e-con-boxed e-con e-parent\" data-id=\"d2bb21c\" data-element_type=\"container\" data-e-type=\"container\">\n\t\t\t\t\t<div class=\"e-con-inner\">\n\t\t\t\t<div class=\"elementor-element elementor-element-f27669c elementor-widget elementor-widget-heading\" data-id=\"f27669c\" data-element_type=\"widget\" data-e-type=\"widget\" data-widget_type=\"heading.default\">\n\t\t\t\t<div class=\"elementor-widget-container\">\n\t\t\t\t\t<h2 class=\"elementor-heading-title elementor-size-default\">3 temps forts<\/h2>\t\t\t\t<\/div>\n\t\t\t\t<\/div>\n\t\t\t\t<div class=\"elementor-element elementor-element-ac639a4 elementor-widget elementor-widget-text-editor\" data-id=\"ac639a4\" data-element_type=\"widget\" data-e-type=\"widget\" data-widget_type=\"text-editor.default\">\n\t\t\t\t<div class=\"elementor-widget-container\">\n\t\t\t\t\t\t\t\t\t<h4>Mets tes baskets sensibilise les jeunes \u00e0 la maladie, la solidarit\u00e9, au respect et au handicap.\u00a0<\/h4>\t\t\t\t\t\t\t\t<\/div>\n\t\t\t\t<\/div>\n\t\t<div class=\"elementor-element elementor-element-e3a39d3 e-grid e-con-full e-con e-child\" data-id=\"e3a39d3\" data-element_type=\"container\" data-e-type=\"container\" data-settings=\"{&quot;background_background&quot;:&quot;classic&quot;}\">\n\t\t\t\t<div class=\"elementor-element elementor-element-0e70aa2 elementor-widget elementor-widget-icon-box\" data-id=\"0e70aa2\" data-element_type=\"widget\" data-e-type=\"widget\" data-widget_type=\"icon-box.default\">\n\t\t\t\t<div class=\"elementor-widget-container\">\n\t\t\t\t\t\t\t<div class=\"elementor-icon-box-wrapper\">\n\n\t\t\t\n\t\t\t\t\t\t<div class=\"elementor-icon-box-content\">\n\n\t\t\t\t\t\t\t\t\t<h3 class=\"elementor-icon-box-title\">\n\t\t\t\t\t\t<span  >\n\t\t\t\t\t\t\tLa dict\u00e9e d'ELA\t\t\t\t\t\t<\/span>\n\t\t\t\t\t<\/h3>\n\t\t\t\t\n\t\t\t\t\t\t\t\t\t<p class=\"elementor-icon-box-description\">\n\t\t\t\t\t\tSensibiliser\t\t\t\t\t<\/p>\n\t\t\t\t\n\t\t\t<\/div>\n\t\t\t\n\t\t<\/div>\n\t\t\t\t\t\t<\/div>\n\t\t\t\t<\/div>\n\t\t\t\t<div class=\"elementor-element elementor-element-7205730 elementor-widget elementor-widget-icon-box\" data-id=\"7205730\" data-element_type=\"widget\" data-e-type=\"widget\" data-widget_type=\"icon-box.default\">\n\t\t\t\t<div class=\"elementor-widget-container\">\n\t\t\t\t\t\t\t<div class=\"elementor-icon-box-wrapper\">\n\n\t\t\t\n\t\t\t\t\t\t<div class=\"elementor-icon-box-content\">\n\n\t\t\t\t\t\t\t\t\t<h3 class=\"elementor-icon-box-title\">\n\t\t\t\t\t\t<span  >\n\t\t\t\t\t\t\tMets tes baskets \t\t\t\t\t\t<\/span>\n\t\t\t\t\t<\/h3>\n\t\t\t\t\n\t\t\t\t\t\t\t\t\t<p class=\"elementor-icon-box-description\">\n\t\t\t\t\t\tAgir \t\t\t\t\t<\/p>\n\t\t\t\t\n\t\t\t<\/div>\n\t\t\t\n\t\t<\/div>\n\t\t\t\t\t\t<\/div>\n\t\t\t\t<\/div>\n\t\t\t\t<div class=\"elementor-element elementor-element-1abb10c elementor-widget elementor-widget-icon-box\" data-id=\"1abb10c\" data-element_type=\"widget\" data-e-type=\"widget\" data-widget_type=\"icon-box.default\">\n\t\t\t\t<div class=\"elementor-widget-container\">\n\t\t\t\t\t\t\t<div class=\"elementor-icon-box-wrapper\">\n\n\t\t\t\n\t\t\t\t\t\t<div class=\"elementor-icon-box-content\">\n\n\t\t\t\t\t\t\t\t\t<h3 class=\"elementor-icon-box-title\">\n\t\t\t\t\t\t<span  >\n\t\t\t\t\t\t\tle prix ambassadeur\t\t\t\t\t\t<\/span>\n\t\t\t\t\t<\/h3>\n\t\t\t\t\n\t\t\t\t\t\t\t\t\t<p class=\"elementor-icon-box-description\">\n\t\t\t\t\t\tR\u00e9compenser\t\t\t\t\t<\/p>\n\t\t\t\t\n\t\t\t<\/div>\n\t\t\t\n\t\t<\/div>\n\t\t\t\t\t\t<\/div>\n\t\t\t\t<\/div>\n\t\t\t\t<\/div>\n\t\t\t\t\t<\/div>\n\t\t\t\t<\/div>\n\t\t<div class=\"elementor-element elementor-element-5c15130 e-flex e-con-boxed e-con e-parent\" data-id=\"5c15130\" data-element_type=\"container\" data-e-type=\"container\">\n\t\t\t\t\t<div class=\"e-con-inner\">\n\t\t\t\t<div class=\"elementor-element elementor-element-6f00bb8 elementor-widget elementor-widget-n-accordion\" data-id=\"6f00bb8\" data-element_type=\"widget\" data-e-type=\"widget\" data-settings=\"{&quot;default_state&quot;:&quot;all_collapsed&quot;,&quot;max_items_expended&quot;:&quot;one&quot;,&quot;n_accordion_animation_duration&quot;:{&quot;unit&quot;:&quot;ms&quot;,&quot;size&quot;:400,&quot;sizes&quot;:[]}}\" data-widget_type=\"nested-accordion.default\">\n\t\t\t\t<div class=\"elementor-widget-container\">\n\t\t\t\t\t\t\t<div class=\"e-n-accordion\" aria-label=\"Accordion. Open links with Enter or Space, close with Escape, and navigate with Arrow Keys\">\n\t\t\t\t\t\t<details id=\"e-n-accordion-item-1160\" class=\"e-n-accordion-item\" >\n\t\t\t\t<summary class=\"e-n-accordion-item-title\" data-accordion-index=\"1\" tabindex=\"0\" aria-expanded=\"false\" aria-controls=\"e-n-accordion-item-1160\" >\n\t\t\t\t\t<span class='e-n-accordion-item-title-header'><div class=\"e-n-accordion-item-title-text\"> la Dict\u00e9e d\u2019ELA, pour sensibiliser <\/div><\/span>\n\t\t\t\t\t\t\t<span class='e-n-accordion-item-title-icon'>\n\t\t\t<span class='e-opened' ><i aria-hidden=\"true\" class=\"fas fa-minus\"><\/i><\/span>\n\t\t\t<span class='e-closed'><i aria-hidden=\"true\" class=\"fas fa-plus\"><\/i><\/span>\n\t\t<\/span>\n\n\t\t\t\t\t\t<\/summary>\n\t\t\t\t<div role=\"region\" aria-labelledby=\"e-n-accordion-item-1160\" class=\"elementor-element elementor-element-88a8682 e-con-full e-flex e-con e-child\" data-id=\"88a8682\" data-element_type=\"container\" data-e-type=\"container\">\n\t\t<div role=\"region\" aria-labelledby=\"e-n-accordion-item-1160\" class=\"elementor-element elementor-element-905e133 e-con-full e-flex e-con e-child\" data-id=\"905e133\" data-element_type=\"container\" data-e-type=\"container\">\n\t\t\t\t<div class=\"elementor-element elementor-element-da9a419 elementor-widget elementor-widget-heading\" data-id=\"da9a419\" data-element_type=\"widget\" data-e-type=\"widget\" data-widget_type=\"heading.default\">\n\t\t\t\t<div class=\"elementor-widget-container\">\n\t\t\t\t\t<h2 class=\"elementor-heading-title elementor-size-default\">La dict\u00e9e d'ELA<\/h2>\t\t\t\t<\/div>\n\t\t\t\t<\/div>\n\t\t\t\t<\/div>\n\t\t<div role=\"region\" aria-labelledby=\"e-n-accordion-item-1160\" class=\"elementor-element elementor-element-c7b1577 e-con-full e-flex e-con e-child\" data-id=\"c7b1577\" data-element_type=\"container\" data-e-type=\"container\">\n\t\t<div role=\"region\" aria-labelledby=\"e-n-accordion-item-1160\" class=\"elementor-element elementor-element-13b0d49 e-con-full e-flex e-con e-child\" data-id=\"13b0d49\" data-element_type=\"container\" data-e-type=\"container\">\n\t\t\t\t<div class=\"elementor-element elementor-element-09e38f9 elementor-widget elementor-widget-image\" data-id=\"09e38f9\" data-element_type=\"widget\" data-e-type=\"widget\" data-widget_type=\"image.default\">\n\t\t\t\t<div class=\"elementor-widget-container\">\n\t\t\t\t\t\t\t\t\t\t\t\t\t\t\t<img fetchpriority=\"high\" decoding=\"async\" width=\"720\" height=\"1058\" src=\"https:\/\/ela-asso.be\/wp-content\/uploads\/2024\/10\/dictee-ela-2024.png\" class=\"attachment-medium_large size-medium_large wp-image-2859\" alt=\"\" srcset=\"https:\/\/ela-asso.be\/wp-content\/uploads\/2024\/10\/dictee-ela-2024.png 720w, https:\/\/ela-asso.be\/wp-content\/uploads\/2024\/10\/dictee-ela-2024-204x300.png 204w, https:\/\/ela-asso.be\/wp-content\/uploads\/2024\/10\/dictee-ela-2024-697x1024.png 697w, https:\/\/ela-asso.be\/wp-content\/uploads\/2024\/10\/dictee-ela-2024-374x550.png 374w, https:\/\/ela-asso.be\/wp-content\/uploads\/2024\/10\/dictee-ela-2024-340x500.png 340w, https:\/\/ela-asso.be\/wp-content\/uploads\/2024\/10\/dictee-ela-2024-600x882.png 600w\" sizes=\"(max-width: 720px) 100vw, 720px\" \/>\t\t\t\t\t\t\t\t\t\t\t\t\t\t\t<\/div>\n\t\t\t\t<\/div>\n\t\t\t\t<\/div>\n\t\t<div role=\"region\" aria-labelledby=\"e-n-accordion-item-1160\" class=\"elementor-element elementor-element-885a7cb e-con-full e-flex e-con e-child\" data-id=\"885a7cb\" data-element_type=\"container\" data-e-type=\"container\">\n\t\t\t\t<div class=\"elementor-element elementor-element-09557f8 elementor-align-center elementor-widget elementor-widget-button\" data-id=\"09557f8\" data-element_type=\"widget\" data-e-type=\"widget\" data-widget_type=\"button.default\">\n\t\t\t\t<div class=\"elementor-widget-container\">\n\t\t\t\t\t\t\t\t\t<div class=\"elementor-button-wrapper\">\n\t\t\t\t\t<a class=\"elementor-button elementor-button-link elementor-size-sm\" href=\"https:\/\/ela-asso.com\/wp-content\/uploads\/2024\/10\/De%CC%81pliant-Texte-Dicte%CC%81e-2024-web.pdf\" target=\"_blank\">\n\t\t\t\t\t\t<span class=\"elementor-button-content-wrapper\">\n\t\t\t\t\t\t\t\t\t<span class=\"elementor-button-text\">La dict\u00e9e 2024<\/span>\n\t\t\t\t\t<\/span>\n\t\t\t\t\t<\/a>\n\t\t\t\t<\/div>\n\t\t\t\t\t\t\t\t<\/div>\n\t\t\t\t<\/div>\n\t\t\t\t<div class=\"elementor-element elementor-element-93c5306 elementor-widget elementor-widget-text-editor\" data-id=\"93c5306\" data-element_type=\"widget\" data-e-type=\"widget\" data-widget_type=\"text-editor.default\">\n\t\t\t\t<div class=\"elementor-widget-container\">\n\t\t\t\t\t\t\t\t\t<p><span style=\"font-family: -apple-system, BlinkMacSystemFont, 'Segoe UI', Roboto, 'Helvetica Neue', Arial, 'Noto Sans', sans-serif, 'Apple Color Emoji', 'Segoe UI Emoji', 'Segoe UI Symbol', 'Noto Color Emoji'; font-size: 16px;\">\u00c0 chaque \u00e9dition, un auteur de renom r\u00e9dige un texte in\u00e9dit d\u00e9di\u00e9 au combat contre la maladie. Ce texte fait ensuite l\u2019objet d\u2019une dict\u00e9e qui marque le lancement de la semaine ELA. Lue par un enseignant, ou par une personnalit\u00e9, cette dict\u00e9e est un support d\u2019\u00e9changes sur la solidarit\u00e9, la citoyennet\u00e9, le respect, le handicap\u2026<\/span><\/p><p><span style=\"color: #e41871;\"><strong>La mobilisation continue<br \/><\/strong><\/span>Il n\u2019est pas n\u00e9cessaire d\u2019avoir particip\u00e9 \u00e0 la Dict\u00e9e d\u2019ELA au pr\u00e9alable pour participer \u00e0 la campagne \u00ab Mets tes baskets et bats la maladie \u00bb. Si vous souhaitez courir pour les enfants d\u2019ELA, n\u2019attendez plus et <a href=\"https:\/\/ela-asso.be\/contact\/\">inscrivez-vous<\/a>.\u00a0<\/p><p>Vous pouvez \u00e9galement red\u00e9couvrir<a href=\"https:\/\/ela-asso.com\/mtb\/mtb_dictee\/les-dictees-dela\/\"> les pr\u00e9c\u00e9dentes dict\u00e9es<\/a> d\u2019ELA ci-dessous, toutes r\u00e9dig\u00e9es par des \u00e9crivains de renom.<\/p>\t\t\t\t\t\t\t\t<\/div>\n\t\t\t\t<\/div>\n\t\t\t\t<\/div>\n\t\t\t\t<\/div>\n\t\t<div role=\"region\" aria-labelledby=\"e-n-accordion-item-1160\" class=\"elementor-element elementor-element-9c18a27 e-con-full e-flex e-con e-child\" data-id=\"9c18a27\" data-element_type=\"container\" data-e-type=\"container\">\n\t\t\t\t<div class=\"elementor-element elementor-element-0a73b87 elementor-widget__width-initial elementor-widget elementor-widget-text-editor\" data-id=\"0a73b87\" data-element_type=\"widget\" data-e-type=\"widget\" data-widget_type=\"text-editor.default\">\n\t\t\t\t<div class=\"elementor-widget-container\">\n\t\t\t\t\t\t\t\t\t<h3><span style=\"font-size: 1.4rem; text-align: var(--text-align);\">Quelques r\u00e9ponses \u00e0 vos questions \u2026<\/span><\/h3><p><span style=\"color: #e41871;\"><strong>Est-ce une dict\u00e9e ordinaire ?<br \/><\/strong><\/span>Non, cette dict\u00e9e est avant tout un message de solidarit\u00e9 dont le but est de f\u00e9d\u00e9rer la communaut\u00e9 scolaire autour de la cause d\u2019ELA. Elle n\u2019est ni un exercice d\u2019\u00e9valuation, ni un concours d\u2019orthographe. Les \u00e9l\u00e8ves pourront donc proc\u00e9der \u00e0 une autocorrection, un moyen de s\u2019impr\u00e9gner du texte et de s\u2019approprier le message.<\/p><p><strong><span style=\"color: #e41871;\">Qui peut y participer ?<br \/><\/span><\/strong>La Dict\u00e9e d\u2019ELA s\u2019adresse \u00e0 tous les \u00e9l\u00e8ves, de l\u2019\u00e9cole primaire \u00e0 l\u2019enseignement sup\u00e9rieur. Selon le niveau de classe, vous pouvez l\u2019adapter :<br \/><span style=\"color: #e41871;\">\u2022<\/span> en notant les mots difficiles au tableau ;<br \/><span style=\"color: #e41871;\">\u2022<\/span> en copiant le d\u00e9but du texte au tableau et en ne dictant que la fin<\/p><p><strong><span style=\"color: #e41871;\">Comment organiser la dict\u00e9e ?<br \/><\/span><\/strong>Vous \u00eates libres d\u2019organiser cet \u00e9v\u00e9nement comme vous le souhaitez. Toutefois, voici quelques conseils :<br \/><span style=\"color: #e41871;\">\u2022<\/span> Distribuez, \u00e0 chaque personne qui lira la dict\u00e9e, une photocopie du texte original que nous vous joignons. Prenez connaissance du texte avant le jour de la dict\u00e9e ;<br \/><span style=\"color: #e41871;\">\u2022<\/span> Le jour J, lorsque les \u00e9l\u00e8ves sont install\u00e9s dans la classe, le chef d\u2019\u00e9tablissement ou l\u2019enseignant pr\u00e9sente l\u2019association ELA, l\u2019\u00e9v\u00e9nement, l\u2019auteur du texte, la personnalit\u00e9 qui a peut-\u00eatre r\u00e9pondu \u00e0 votre invitation pour lire la dict\u00e9e ;<br \/><span style=\"color: #e41871;\">\u2022<\/span> Avant de faire la dict\u00e9e, nous vous conseillons de diffuser la vid\u00e9o d\u2019ELA (dur\u00e9e 15 minutes). Elle vous permettra de sensibiliser les \u00e9l\u00e8ves au combat de l\u2019association ;<br \/><span style=\"color: #e41871;\">\u2022<\/span> Une fois la dict\u00e9e termin\u00e9e, nous vous encourageons \u00e0 cr\u00e9er un moment d\u2019\u00e9change entre les \u00e9l\u00e8ves et les personnalit\u00e9s pr\u00e9sentes autour des notions de handicap, de solidarit\u00e9\u2026. Pour les \u00e9coles primaires, n\u2019h\u00e9sitez pas \u00e0 inviter les parents d\u2019\u00e9l\u00e8ves \u00e0 se joindre aux \u00e9l\u00e8ves pour faire la dict\u00e9e<\/p><p><span style=\"color: #e41871;\"><strong>Jouez la carte de l\u2019originalit\u00e9 : invitez un lecteur !<br \/><\/strong><\/span>Vous pouvez inviter un lecteur \u00e0 venir lire la dict\u00e9e. Cela donne un attrait suppl\u00e9mentaire \u00e0 l\u2019\u00e9v\u00e9nement, aussi bien pour les \u00e9l\u00e8ves que pour les m\u00e9dias. Vous pouvez, par exemple, solliciter un \u00e9lu municipal, un membre du conseil d\u00e9partemental ou r\u00e9gional, un sportif local, un chef d\u2019entreprise\u2026 La pr\u00e9sence d\u2019un lecteur est bien entendu facultative.<\/p><h3>Retrouvez les dict\u00e9es des ann\u00e9es pr\u00e9c\u00e9dentes :<\/h3><h3><a href=\"https:\/\/ela-asso.com\/mtb\/mtb_dictee\/les-dictees-dela\/\">https:\/\/ela-asso.com\/mtb\/mtb_dictee\/les-dictees-dela\/<\/a><\/h3>\t\t\t\t\t\t\t\t<\/div>\n\t\t\t\t<\/div>\n\t\t\t\t<\/div>\n\t\t\t\t<\/div>\n\t\t\t\t\t<\/details>\n\t\t\t\t\t\t<details id=\"e-n-accordion-item-1161\" class=\"e-n-accordion-item\" >\n\t\t\t\t<summary class=\"e-n-accordion-item-title\" data-accordion-index=\"2\" tabindex=\"-1\" aria-expanded=\"false\" aria-controls=\"e-n-accordion-item-1161\" >\n\t\t\t\t\t<span class='e-n-accordion-item-title-header'><div class=\"e-n-accordion-item-title-text\"> Mets tes baskets et bats la maladie, pour agir et collecter des dons <\/div><\/span>\n\t\t\t\t\t\t\t<span class='e-n-accordion-item-title-icon'>\n\t\t\t<span class='e-opened' ><i aria-hidden=\"true\" class=\"fas fa-minus\"><\/i><\/span>\n\t\t\t<span class='e-closed'><i aria-hidden=\"true\" class=\"fas fa-plus\"><\/i><\/span>\n\t\t<\/span>\n\n\t\t\t\t\t\t<\/summary>\n\t\t\t\t<div role=\"region\" aria-labelledby=\"e-n-accordion-item-1161\" class=\"elementor-element elementor-element-e9a6581 e-con-full e-flex e-con e-child\" data-id=\"e9a6581\" data-element_type=\"container\" data-e-type=\"container\">\n\t\t<div role=\"region\" aria-labelledby=\"e-n-accordion-item-1161\" class=\"elementor-element elementor-element-c7af297 e-flex e-con-boxed e-con e-child\" data-id=\"c7af297\" data-element_type=\"container\" data-e-type=\"container\">\n\t\t\t\t\t<div class=\"e-con-inner\">\n\t\t\t\t<div class=\"elementor-element elementor-element-943de88 elementor-widget elementor-widget-heading\" data-id=\"943de88\" data-element_type=\"widget\" data-e-type=\"widget\" data-widget_type=\"heading.default\">\n\t\t\t\t<div class=\"elementor-widget-container\">\n\t\t\t\t\t<h2 class=\"elementor-heading-title elementor-size-default\">Organiser \"Mets tes baskets et bats la maladie\"<\/h2>\t\t\t\t<\/div>\n\t\t\t\t<\/div>\n\t\t\t\t<div class=\"elementor-element elementor-element-b513ee2 elementor-widget elementor-widget-text-editor\" data-id=\"b513ee2\" data-element_type=\"widget\" data-e-type=\"widget\" data-widget_type=\"text-editor.default\">\n\t\t\t\t<div class=\"elementor-widget-container\">\n\t\t\t\t\t\t\t\t\t<h3 class=\"heading\">Une op\u00e9ration cl\u00e9s en main<\/h3><p>Participer \u00e0 \u201cMets tes baskets et bats la maladie\u201d c\u2019est marcher, courir, se challenger, se d\u00e9fouler, s\u2019oxyg\u00e9ner en mettant son \u00e9nergie au service d\u2019une cause citoyenne et solidaire !<\/p><p>Les \u00e9tablissements scolaires peuvent mettre en place l\u2019op\u00e9ration \u00e0 la date de leur choix pendant l\u2019ann\u00e9e scolaire. \u201cMets tes baskets\u201d est un \u00e9v\u00e9nement solidaire, le plus souvent sportif, qui peut \u00eatre aussi culturel ou \u00e9ducatif, durant lequel les \u00e9l\u00e8ves s\u2019engagent pour la cause d\u2019ELA et pr\u00eatent symboliquement leurs jambes aux enfants touch\u00e9s par une leucodystrophie qui ne peuvent plus s\u2019en servir.<\/p>\t\t\t\t\t\t\t\t<\/div>\n\t\t\t\t<\/div>\n\t\t\t\t<div class=\"elementor-element elementor-element-29f1a6a elementor-widget elementor-widget-button\" data-id=\"29f1a6a\" data-element_type=\"widget\" data-e-type=\"widget\" data-widget_type=\"button.default\">\n\t\t\t\t<div class=\"elementor-widget-container\">\n\t\t\t\t\t\t\t\t\t<div class=\"elementor-button-wrapper\">\n\t\t\t\t\t<a class=\"elementor-button elementor-button-link elementor-size-sm\" href=\"https:\/\/ela-asso.be\/a-propos\/contact\/\" target=\"_blank\">\n\t\t\t\t\t\t<span class=\"elementor-button-content-wrapper\">\n\t\t\t\t\t\t\t\t\t<span class=\"elementor-button-text\">S'inscrire \u00e0 mets tes baskets <\/span>\n\t\t\t\t\t<\/span>\n\t\t\t\t\t<\/a>\n\t\t\t\t<\/div>\n\t\t\t\t\t\t\t\t<\/div>\n\t\t\t\t<\/div>\n\t\t\t\t<div class=\"elementor-element elementor-element-70f1c8b elementor-widget elementor-widget-text-editor\" data-id=\"70f1c8b\" data-element_type=\"widget\" data-e-type=\"widget\" data-widget_type=\"text-editor.default\">\n\t\t\t\t<div class=\"elementor-widget-container\">\n\t\t\t\t\t\t\t\t\t<p><span style=\"color: #e41871;\"><strong>R\u00e9trospective de la campagne \u00ab Mets tes baskets et bats la maladie \u00bb<\/strong><\/span><\/p><div style=\"width: 640px;\" class=\"wp-video\"><!--[if lt IE 9]><script>document.createElement('video');<\/script><![endif]-->\n<video class=\"wp-video-shortcode\" id=\"video-894-1\" width=\"640\" height=\"360\" autoplay preload=\"metadata\" controls=\"controls\"><source type=\"video\/mp4\" src=\"http:\/\/ela-asso.be\/wp-content\/uploads\/2018\/02\/Retrospective-MTB-Ecole.mp4?_=1\" \/><a href=\"http:\/\/ela-asso.be\/wp-content\/uploads\/2018\/02\/Retrospective-MTB-Ecole.mp4\">http:\/\/ela-asso.be\/wp-content\/uploads\/2018\/02\/Retrospective-MTB-Ecole.mp4<\/a><\/video><\/div><p><span style=\"color: #e41871;\"><strong>Pour toutes informations compl\u00e9mentaires, contactez :<br \/><\/strong><\/span>Par t\u00e9l\u00e9phone au +32471951913.<br \/>Un kit de pr\u00e9sentation est mis <span style=\"color: #e41871;\"><strong>gratuitement<\/strong><\/span> \u00e0 votre disposition<span style=\"color: #e41871;\"><strong> sur simple demande.<\/strong><\/span><\/p>\t\t\t\t\t\t\t\t<\/div>\n\t\t\t\t<\/div>\n\t\t\t\t\t<\/div>\n\t\t\t\t<\/div>\n\t\t\t\t<\/div>\n\t\t\t\t\t<\/details>\n\t\t\t\t\t\t<details id=\"e-n-accordion-item-1162\" class=\"e-n-accordion-item\" >\n\t\t\t\t<summary class=\"e-n-accordion-item-title\" data-accordion-index=\"3\" tabindex=\"-1\" aria-expanded=\"false\" aria-controls=\"e-n-accordion-item-1162\" >\n\t\t\t\t\t<span class='e-n-accordion-item-title-header'><div class=\"e-n-accordion-item-title-text\"> le Prix Ambassadeur ELA, pour r\u00e9compenser <\/div><\/span>\n\t\t\t\t\t\t\t<span class='e-n-accordion-item-title-icon'>\n\t\t\t<span class='e-opened' ><i aria-hidden=\"true\" class=\"fas fa-minus\"><\/i><\/span>\n\t\t\t<span class='e-closed'><i aria-hidden=\"true\" class=\"fas fa-plus\"><\/i><\/span>\n\t\t<\/span>\n\n\t\t\t\t\t\t<\/summary>\n\t\t\t\t<div role=\"region\" aria-labelledby=\"e-n-accordion-item-1162\" class=\"elementor-element elementor-element-dac60d7 e-con-full e-flex e-con e-child\" data-id=\"dac60d7\" data-element_type=\"container\" data-e-type=\"container\">\n\t\t\t\t<div class=\"elementor-element elementor-element-2bf2657 elementor-widget elementor-widget-heading\" data-id=\"2bf2657\" data-element_type=\"widget\" data-e-type=\"widget\" data-widget_type=\"heading.default\">\n\t\t\t\t<div class=\"elementor-widget-container\">\n\t\t\t\t\t<h2 class=\"elementor-heading-title elementor-size-default\">le temps des f\u00e9licitations<\/h2>\t\t\t\t<\/div>\n\t\t\t\t<\/div>\n\t\t\t\t<div class=\"elementor-element elementor-element-277aa7d elementor-widget elementor-widget-text-editor\" data-id=\"277aa7d\" data-element_type=\"widget\" data-e-type=\"widget\" data-widget_type=\"text-editor.default\">\n\t\t\t\t<div class=\"elementor-widget-container\">\n\t\t\t\t\t\t\t\t\t<p>\u00c0 la fin de l\u2019ann\u00e9e scolaire, l\u2019association ELA r\u00e9compense la mobilisation et l\u2019engagement citoyen des \u00e9l\u00e8ves. Chaque \u00e9tablissement d\u00e9signe son ambassadeur, c\u2019est-\u00e0-dire l\u2019\u00e9l\u00e8ve qui incarne le mieux les valeurs de solidarit\u00e9 et de partage v\u00e9hicul\u00e9es par la campagne. Celui-ci re\u00e7oit un prix, symbole de son engagement et de celui de ses camarades.<\/p>\t\t\t\t\t\t\t\t<\/div>\n\t\t\t\t<\/div>\n\t\t\t\t<\/div>\n\t\t\t\t\t<\/details>\n\t\t\t\t\t<\/div>\n\t\t\t\t\t\t<\/div>\n\t\t\t\t<\/div>\n\t\t\t\t\t<\/div>\n\t\t\t\t<\/div>\n\t\t<div class=\"elementor-element elementor-element-a62c79e e-flex e-con-boxed e-con e-parent\" data-id=\"a62c79e\" data-element_type=\"container\" data-e-type=\"container\">\n\t\t\t\t\t<div class=\"e-con-inner\">\n\t\t\t\t<div class=\"elementor-element elementor-element-d36b7f7 elementor-widget elementor-widget-heading\" data-id=\"d36b7f7\" data-element_type=\"widget\" data-e-type=\"widget\" data-widget_type=\"heading.default\">\n\t\t\t\t<div class=\"elementor-widget-container\">\n\t\t\t\t\t<h2 class=\"elementor-heading-title elementor-size-default\">Des objectifs<\/h2>\t\t\t\t<\/div>\n\t\t\t\t<\/div>\n\t\t\t\t<div class=\"elementor-element elementor-element-69b79cc elementor-view-default elementor-widget elementor-widget-icon\" data-id=\"69b79cc\" data-element_type=\"widget\" data-e-type=\"widget\" data-widget_type=\"icon.default\">\n\t\t\t\t<div class=\"elementor-widget-container\">\n\t\t\t\t\t\t\t<div class=\"elementor-icon-wrapper\">\n\t\t\t<div class=\"elementor-icon\">\n\t\t\t<svg xmlns=\"http:\/\/www.w3.org\/2000\/svg\" xmlns:xlink=\"http:\/\/www.w3.org\/1999\/xlink\" id=\"Calque_1\" x=\"0px\" y=\"0px\" viewBox=\"0 0 100 16.4\" style=\"enable-background:new 0 0 100 16.4;\" xml:space=\"preserve\"><path d=\"M84.2,8.3c-5.3-0.2-7.5,8-13.2,3.9c-12.1-1.1-22.2,6.4-32.9,2.4c-2.7,1.6-6.5,1.8-9.3,0.9c-2.5-1.8-1.8-5.2-4.9-5.7 c-3.6,4.5-7.8,0.6-10.3-1.8l-0.3-0.3c11.2-8.8,29.7-6,44.1-3.4c8.4-1.2,17.1,1,26.1,0.3C85.1,5.5,84.8,7,84.2,8.3L84.2,8.3z\"><\/path><\/svg>\t\t\t<\/div>\n\t\t<\/div>\n\t\t\t\t\t\t<\/div>\n\t\t\t\t<\/div>\n\t\t\t\t<div class=\"elementor-element elementor-element-0c515b9 elementor-widget elementor-widget-text-editor\" data-id=\"0c515b9\" data-element_type=\"widget\" data-e-type=\"widget\" data-widget_type=\"text-editor.default\">\n\t\t\t\t<div class=\"elementor-widget-container\">\n\t\t\t\t\t\t\t\t\t<h5><span style=\"color: #e41871;\">L\u2019association ELA s\u2019est fix\u00e9e, \u00e0 travers cette campagne de sensibilisation, des objectifs clairs, ann\u00e9e apr\u00e8s ann\u00e9e, qu\u2019elle partage avec le plus grand nombre d\u2019\u00e9tablissements :<\/span><\/h5><p><strong>1. Sensibiliser <\/strong><span style=\"font-family: -apple-system, BlinkMacSystemFont, 'Segoe UI', Roboto, 'Helvetica Neue', Arial, 'Noto Sans', sans-serif, 'Apple Color Emoji', 'Segoe UI Emoji', 'Segoe UI Symbol', 'Noto Color Emoji'; font-size: 16px;\">les \u00e9l\u00e8ves et leurs enseignants en les informant gr\u00e2ce aux supports fournis par ELA \u00e0 chaque \u00e9tablissement inscrit.<\/span><\/p><p><strong style=\"font-family: -apple-system, BlinkMacSystemFont, 'Segoe UI', Roboto, 'Helvetica Neue', Arial, 'Noto Sans', sans-serif, 'Apple Color Emoji', 'Segoe UI Emoji', 'Segoe UI Symbol', 'Noto Color Emoji';\">2. Faire des jeunes participants les ambassadeurs du message <\/strong><span style=\"font-family: -apple-system, BlinkMacSystemFont, 'Segoe UI', Roboto, 'Helvetica Neue', Arial, 'Noto Sans', sans-serif, 'Apple Color Emoji', 'Segoe UI Emoji', 'Segoe UI Symbol', 'Noto Color Emoji'; font-size: 16px;\">de sensibilisation aupr\u00e8s de leur entourage qui r\u00e9compense leur effort sportif par un don pour ELA.<\/span><\/p><p><strong>3. Collecter des dons <\/strong><span style=\"font-family: -apple-system, BlinkMacSystemFont, 'Segoe UI', Roboto, 'Helvetica Neue', Arial, 'Noto Sans', sans-serif, 'Apple Color Emoji', 'Segoe UI Emoji', 'Segoe UI Symbol', 'Noto Color Emoji'; font-size: 16px;\">pour la recherche m\u00e9dicale et l\u2019accompagnement des familles concern\u00e9es par une leucodystrophie.<\/span><\/p>\t\t\t\t\t\t\t\t<\/div>\n\t\t\t\t<\/div>\n\t\t\t\t\t<\/div>\n\t\t\t\t<\/div>\n\t\t<div class=\"elementor-element elementor-element-1c8c034 e-flex e-con-boxed e-con e-child\" data-id=\"1c8c034\" data-element_type=\"container\" data-e-type=\"container\" data-settings=\"{&quot;background_background&quot;:&quot;classic&quot;}\">\n\t\t\t\t\t<div class=\"e-con-inner\">\n\t\t<div class=\"elementor-element elementor-element-eab1be6 e-con-full e-flex e-con e-child\" data-id=\"eab1be6\" data-element_type=\"container\" data-e-type=\"container\" data-settings=\"{&quot;background_background&quot;:&quot;classic&quot;}\">\n\t\t\t\t<div class=\"elementor-element elementor-element-70d28f6 elementor-widget elementor-widget-heading\" data-id=\"70d28f6\" data-element_type=\"widget\" data-e-type=\"widget\" data-widget_type=\"heading.default\">\n\t\t\t\t<div class=\"elementor-widget-container\">\n\t\t\t\t\t<h4 class=\"elementor-heading-title elementor-size-default\">Envie d'inscrire votre \u00e9cole ?<\/h4>\t\t\t\t<\/div>\n\t\t\t\t<\/div>\n\t\t\t\t<div class=\"elementor-element elementor-element-cfc19d7 elementor-widget elementor-widget-image\" data-id=\"cfc19d7\" data-element_type=\"widget\" data-e-type=\"widget\" data-widget_type=\"image.default\">\n\t\t\t\t<div class=\"elementor-widget-container\">\n\t\t\t\t\t\t\t\t\t\t\t\t\t\t\t<img decoding=\"async\" width=\"295\" height=\"300\" src=\"https:\/\/ela-asso.be\/wp-content\/uploads\/2026\/01\/Equipe-1-295x300.png\" class=\"attachment-medium size-medium wp-image-5994\" alt=\"\" srcset=\"https:\/\/ela-asso.be\/wp-content\/uploads\/2026\/01\/Equipe-1-295x300.png 295w, https:\/\/ela-asso.be\/wp-content\/uploads\/2026\/01\/Equipe-1.png 551w\" sizes=\"(max-width: 295px) 100vw, 295px\" \/>\t\t\t\t\t\t\t\t\t\t\t\t\t\t\t<\/div>\n\t\t\t\t<\/div>\n\t\t\t\t<div class=\"elementor-element elementor-element-4cd54d6 elementor-widget elementor-widget-text-editor\" data-id=\"4cd54d6\" data-element_type=\"widget\" data-e-type=\"widget\" data-widget_type=\"text-editor.default\">\n\t\t\t\t<div class=\"elementor-widget-container\">\n\t\t\t\t\t\t\t\t\t<p><strong>Flore Plattaf<br \/><\/strong>Email : <a href=\"mailto:fp@ela.be\">Fp@ela.be<\/a><\/p>\t\t\t\t\t\t\t\t<\/div>\n\t\t\t\t<\/div>\n\t\t\t\t<\/div>\n\t\t\t\t\t<\/div>\n\t\t\t\t<\/div>\n\t\t<div class=\"elementor-element elementor-element-c90e785 e-flex e-con-boxed e-con e-parent\" data-id=\"c90e785\" data-element_type=\"container\" data-e-type=\"container\">\n\t\t\t\t\t<div class=\"e-con-inner\">\n\t\t\t\t<div class=\"elementor-element elementor-element-a8955f0 elementor-widget elementor-widget-heading\" data-id=\"a8955f0\" data-element_type=\"widget\" data-e-type=\"widget\" data-widget_type=\"heading.default\">\n\t\t\t\t<div class=\"elementor-widget-container\">\n\t\t\t\t\t<h2 class=\"elementor-heading-title elementor-size-default\">T\u00e9moignage <\/h2>\t\t\t\t<\/div>\n\t\t\t\t<\/div>\n\t\t\t\t<div class=\"elementor-element elementor-element-a95a890 elementor-widget elementor-widget-text-editor\" data-id=\"a95a890\" data-element_type=\"widget\" data-e-type=\"widget\" data-widget_type=\"text-editor.default\">\n\t\t\t\t<div class=\"elementor-widget-container\">\n\t\t\t\t\t\t\t\t\t<h4><strong>Mets tes baskets et bats la maladie \u00e0 l&#8217;\u00e9cole communale de Verlaine.<\/strong><\/h4><p><img decoding=\"async\" class=\"alignnone size-full wp-image-898\" src=\"http:\/\/ela-asso.be\/wp-content\/uploads\/2018\/02\/MTBE01.jpg\" alt=\"\" width=\"600\" height=\"261\" srcset=\"https:\/\/ela-asso.be\/wp-content\/uploads\/2018\/02\/MTBE01.jpg 600w, https:\/\/ela-asso.be\/wp-content\/uploads\/2018\/02\/MTBE01-416x181.jpg 416w, https:\/\/ela-asso.be\/wp-content\/uploads\/2018\/02\/MTBE01-300x131.jpg 300w, https:\/\/ela-asso.be\/wp-content\/uploads\/2018\/02\/MTBE01-465x202.jpg 465w\" sizes=\"(max-width: 600px) 100vw, 600px\" \/><\/p><h4 style=\"text-align: left;\"><strong>Mets tes baskets et bats la maladie \u00e0 l&#8217;Institut Saint-Michel de Verviers<\/strong><\/h4><p>\u00a0 \u00a0 \u00a0 \u00a0 \u00a0 \u00a0 \u00a0 \u00a0 \u00a0 \u00a0 \u00a0 \u00a0 \u00a0 \u00a0 \u00a0 \u00a0 \u00a0 \u00a0 \u00a0 \u00a0 \u00a0 \u00a0 \u00a0 \u00a0 \u00a0 \u00a0 \u00a0 \u00a0 \u00a0 \u00a0 \u00a0 \u00a0 \u00a0 \u00a0 \u00a0 \u00a0 \u00a0 \u00a0 \u00a0 \u00a0 \u00a0 \u00a0 \u00a0 \u00a0 \u00a0 \u00a0 \u00a0 \u00a0 \u00a0 \u00a0 \u00a0 <iframe style=\"border: none; overflow: hidden;\" src=\"https:\/\/www.facebook.com\/plugins\/video.php?height=476&amp;href=https%3A%2F%2Fwww.facebook.com%2Fsdcfliege%2Fvideos%2F1897139970456740%2F&amp;show_text=true&amp;width=269&amp;t=0\" width=\"269\" height=\"591\" frameborder=\"0\" scrolling=\"no\" allowfullscreen=\"allowfullscreen\"><\/iframe><\/p><div dir=\"auto\">C&#8217;est ce 30 septembre, sous le soleil, qu&#8217;a eu lieu, au stade de Bielmont, le relais parrain\u00e9 organis\u00e9 par notre \u00e9cole au profit de l\u2019association ELA qui soutient les enfants (et leurs familles) atteints de leucodystrophie.<\/div><div dir=\"auto\">Ce fut une r\u00e9ussite totale ! Un peu <span style=\"color: #e41871;\">plus de 4700\u20ac r\u00e9colt\u00e9s<\/span> au total !<\/div><div dir=\"auto\" style=\"text-align: left;\"><div class=\"x11i5rnm xat24cr x1mh8g0r x1vvkbs xtlvy1s x126k92a\"><div dir=\"auto\">\u00a0<\/div><\/div><div class=\"x11i5rnm xat24cr x1mh8g0r x1vvkbs xtlvy1s x126k92a\"><div dir=\"auto\"><div dir=\"auto\">Pour voir toutes les photos et lire l&#8217;article en entier, suivez le lien -&gt;<a class=\"x1i10hfl xjbqb8w x6umtig x1b1mbwd xaqea5y xav7gou x9f619 x1ypdohk xt0psk2 xe8uvvx xdj266r x11i5rnm xat24cr x1mh8g0r xexx8yu x4uap5 x18d9i69 xkhd6sd x16tdsg8 x1hl2dhg xggy1nq x1a2a7pz xt0b8zv x1fey0fg\" tabindex=\"0\" role=\"link\" href=\"http:\/\/www.saintmichelverviers.be\/news\/fr\/362\/relais-parraines-en-soutien-a-lassociation-ela.html?fbclid=IwAR2h6fqwksHqAQbsQYhpimuo0ZT6iepvmt0Eggwek7515Wpt_qHCI1EV-IU\" target=\"_blank\" rel=\"nofollow noopener\">http:\/\/www.saintmichelverviers.be\/&#8230;\/relais-parraines-en&#8230;<\/a><\/div><\/div><\/div><\/div>\t\t\t\t\t\t\t\t<\/div>\n\t\t\t\t<\/div>\n\t\t\t\t\t<\/div>\n\t\t\t\t<\/div>\n\t\t\t\t<\/div>\n\t\t","protected":false},"excerpt":{"rendered":"","protected":false},"author":1,"featured_media":0,"parent":4762,"menu_order":0,"comment_status":"closed","ping_status":"closed","template":"","meta":{"footnotes":""},"class_list":["post-894","page","type-page","status-publish","hentry"],"_links":{"self":[{"href":"https:\/\/ela-asso.be\/uk\/wp-json\/wp\/v2\/pages\/894","targetHints":{"allow":["GET"]}}],"collection":[{"href":"https:\/\/ela-asso.be\/uk\/wp-json\/wp\/v2\/pages"}],"about":[{"href":"https:\/\/ela-asso.be\/uk\/wp-json\/wp\/v2\/types\/page"}],"author":[{"embeddable":true,"href":"https:\/\/ela-asso.be\/uk\/wp-json\/wp\/v2\/users\/1"}],"replies":[{"embeddable":true,"href":"https:\/\/ela-asso.be\/uk\/wp-json\/wp\/v2\/comments?post=894"}],"version-history":[{"count":1,"href":"https:\/\/ela-asso.be\/uk\/wp-json\/wp\/v2\/pages\/894\/revisions"}],"predecessor-version":[{"id":6093,"href":"https:\/\/ela-asso.be\/uk\/wp-json\/wp\/v2\/pages\/894\/revisions\/6093"}],"up":[{"embeddable":true,"href":"https:\/\/ela-asso.be\/uk\/wp-json\/wp\/v2\/pages\/4762"}],"wp:attachment":[{"href":"https:\/\/ela-asso.be\/uk\/wp-json\/wp\/v2\/media?parent=894"}],"curies":[{"name":"wp","href":"https:\/\/api.w.org\/{rel}","templated":true}]}}